{"id":572,"date":"2021-01-18T23:13:13","date_gmt":"2021-01-18T22:13:13","guid":{"rendered":"https:\/\/www.quittenbaum.de\/?page_id=572"},"modified":"2026-01-13T17:17:50","modified_gmt":"2026-01-13T16:17:50","slug":"team","status":"publish","type":"page","link":"https:\/\/www.quittenbaum.de\/de\/ueber-uns\/team\/","title":{"rendered":"Team"},"content":{"rendered":"\n<h2 class=\"wp-block-heading\" id=\"team-quittenbaum-wir-sind-fur-sie-da\">Team Quittenbaum &#8211; Wir sind f\u00fcr sie da<\/h2>\n\n\n<div class=\"wp-bootstrap-blocks-row row\">\n\t\n\n<div class=\"col-12 col-md-6 col-lg-4\">\n\t\t\t\n\n<div class=\"wp-block-getwid-person\"><div class=\"wp-block-getwid-person__image\"><img loading=\"lazy\" decoding=\"async\" width=\"200\" height=\"300\" src=\"https:\/\/www.quittenbaum.de\/wp-content\/uploads\/2020\/08\/Askan_final_Kopie-200x300.jpg\" class=\"wp-image-190\" srcset=\"https:\/\/www.quittenbaum.de\/wp-content\/uploads\/2020\/08\/Askan_final_Kopie-200x300.jpg 200w, https:\/\/www.quittenbaum.de\/wp-content\/uploads\/2020\/08\/Askan_final_Kopie.jpg 333w\" sizes=\"auto, (max-width: 200px) 100vw, 200px\" \/><\/div><div class=\"wp-block-getwid-person__content-wrapper\"><span class=\"wp-block-getwid-person__title\">Askan Quittenbaum<\/span><span class=\"wp-block-getwid-person__subtitle\">Gesch\u00e4ftsf\u00fchrender Gesellschafter  <br>Jugendstil und Art D\u00e9co, <br>Murano Glas, Schmuck<\/span><p class=\"wp-block-getwid-person__content\"><br>Tel. 089-273702-113<br>a.quittenbaum@quittenbaum.de<br><a href=\"mailto:a.quittenbaum@quittenbaum.de\">Kontaktieren<\/a><\/p>\n<div class=\"wp-block-getwid-social-links has-default-spacing\"><ul class=\"wp-block-getwid-social-links__list getwid-justify-content-center\"><li class=\"wp-block-getwid-social-links__item\"><a class=\"wp-block-getwid-social-links__link\" href=\"https:\/\/www.facebook.com\/\"><span class=\"wp-block-getwid-social-links__wrapper\"><i class=\"fab fa-facebook-f\"><\/i><\/span><\/a><\/li><li class=\"wp-block-getwid-social-links__item\"><a class=\"wp-block-getwid-social-links__link\" href=\"https:\/\/twitter.com\/\"><span class=\"wp-block-getwid-social-links__wrapper\"><i class=\"fab fa-twitter\"><\/i><\/span><\/a><\/li><li class=\"wp-block-getwid-social-links__item\"><a class=\"wp-block-getwid-social-links__link\" href=\"https:\/\/www.instagram.com\/\"><span class=\"wp-block-getwid-social-links__wrapper\"><i class=\"fab fa-instagram\"><\/i><\/span><\/a><\/li><li class=\"wp-block-getwid-social-links__item\"><a class=\"wp-block-getwid-social-links__link\" href=\"https:\/\/www.youtube.com\/\"><span class=\"wp-block-getwid-social-links__wrapper\"><i class=\"fab fa-youtube\"><\/i><\/span><\/a><\/li><\/ul><\/div>\n<\/div><\/div>\n\n\t<\/div>\n\n\n\n<div class=\"col-12 col-md-6 col-lg-4\">\n\t\t\t\n\n<div class=\"wp-block-getwid-person\"><div class=\"wp-block-getwid-person__image\"><img loading=\"lazy\" decoding=\"async\" width=\"200\" height=\"300\" src=\"https:\/\/www.quittenbaum.de\/wp-content\/uploads\/2022\/02\/Claudia-Quittenbaum-2-200x300.jpg\" class=\"wp-image-4610\" srcset=\"https:\/\/www.quittenbaum.de\/wp-content\/uploads\/2022\/02\/Claudia-Quittenbaum-2-200x300.jpg 200w, https:\/\/www.quittenbaum.de\/wp-content\/uploads\/2022\/02\/Claudia-Quittenbaum-2-683x1024.jpg 683w, https:\/\/www.quittenbaum.de\/wp-content\/uploads\/2022\/02\/Claudia-Quittenbaum-2-768x1152.jpg 768w, https:\/\/www.quittenbaum.de\/wp-content\/uploads\/2022\/02\/Claudia-Quittenbaum-2-1024x1536.jpg 1024w, https:\/\/www.quittenbaum.de\/wp-content\/uploads\/2022\/02\/Claudia-Quittenbaum-2-1365x2048.jpg 1365w, https:\/\/www.quittenbaum.de\/wp-content\/uploads\/2022\/02\/Claudia-Quittenbaum-2-1280x1920.jpg 1280w, https:\/\/www.quittenbaum.de\/wp-content\/uploads\/2022\/02\/Claudia-Quittenbaum-2-512x768.jpg 512w, https:\/\/www.quittenbaum.de\/wp-content\/uploads\/2022\/02\/Claudia-Quittenbaum-2.jpg 1700w\" sizes=\"auto, (max-width: 200px) 100vw, 200px\" \/><\/div><div class=\"wp-block-getwid-person__content-wrapper\"><span class=\"wp-block-getwid-person__title\">Dr. Claudia Quittenbaum<\/span><span class=\"wp-block-getwid-person__subtitle\">Stellv. Gesch\u00e4ftsf\u00fchrung <br>Public Relations, Murano Glas<\/span><p class=\"wp-block-getwid-person__content\"><br>Tel. 089-273702-111<br>c.quittenbaum@quittenbaum.de<br><a href=\"mailto:c.quittenbaum@quittenbaum.de\">Kontaktieren<\/a><\/p>\n<div class=\"wp-block-getwid-social-links has-default-spacing\"><ul class=\"wp-block-getwid-social-links__list getwid-justify-content-center\"><li class=\"wp-block-getwid-social-links__item\"><a class=\"wp-block-getwid-social-links__link\" href=\"https:\/\/www.facebook.com\/\"><span class=\"wp-block-getwid-social-links__wrapper\"><i class=\"fab fa-facebook-f\"><\/i><\/span><\/a><\/li><li class=\"wp-block-getwid-social-links__item\"><a class=\"wp-block-getwid-social-links__link\" href=\"https:\/\/twitter.com\/\"><span class=\"wp-block-getwid-social-links__wrapper\"><i class=\"fab fa-twitter\"><\/i><\/span><\/a><\/li><li class=\"wp-block-getwid-social-links__item\"><a class=\"wp-block-getwid-social-links__link\" href=\"https:\/\/www.instagram.com\/\"><span class=\"wp-block-getwid-social-links__wrapper\"><i class=\"fab fa-instagram\"><\/i><\/span><\/a><\/li><li class=\"wp-block-getwid-social-links__item\"><a class=\"wp-block-getwid-social-links__link\" href=\"https:\/\/www.youtube.com\/\"><span class=\"wp-block-getwid-social-links__wrapper\"><i class=\"fab fa-youtube\"><\/i><\/span><\/a><\/li><\/ul><\/div>\n<\/div><\/div>\n\n\t<\/div>\n\n\n\n<div class=\"col-12 col-md-6 col-lg-4\">\n\t\t\t\n\n<div class=\"wp-block-getwid-person\"><div class=\"wp-block-getwid-person__image\"><img loading=\"lazy\" decoding=\"async\" width=\"200\" height=\"300\" src=\"https:\/\/www.quittenbaum.de\/wp-content\/uploads\/2021\/01\/Arthur-final-Kopie-200x300.jpg\" class=\"wp-image-310\" srcset=\"https:\/\/www.quittenbaum.de\/wp-content\/uploads\/2021\/01\/Arthur-final-Kopie-200x300.jpg 200w, https:\/\/www.quittenbaum.de\/wp-content\/uploads\/2021\/01\/Arthur-final-Kopie.jpg 333w\" sizes=\"auto, (max-width: 200px) 100vw, 200px\" \/><\/div><div class=\"wp-block-getwid-person__content-wrapper\"><span class=\"wp-block-getwid-person__title\">Arthur Floss<\/span><span class=\"wp-block-getwid-person__subtitle\">Gesch\u00e4ftsleitung<br>Leitung Abteilung Modernes Design<\/span><p class=\"wp-block-getwid-person__content\"><br>Tel. 089-273702-110<br>a.floss@quittenbaum.de<br><a href=\"mailto:a.floss@quittenbaum.de\">Kontaktieren<\/a><\/p>\n<div class=\"wp-block-getwid-social-links has-default-spacing\"><ul class=\"wp-block-getwid-social-links__list getwid-justify-content-center\"><li class=\"wp-block-getwid-social-links__item\"><a class=\"wp-block-getwid-social-links__link\" href=\"https:\/\/www.facebook.com\/\"><span class=\"wp-block-getwid-social-links__wrapper\"><i class=\"fab fa-facebook-f\"><\/i><\/span><\/a><\/li><li class=\"wp-block-getwid-social-links__item\"><a class=\"wp-block-getwid-social-links__link\" href=\"https:\/\/twitter.com\/\"><span class=\"wp-block-getwid-social-links__wrapper\"><i class=\"fab fa-twitter\"><\/i><\/span><\/a><\/li><li class=\"wp-block-getwid-social-links__item\"><a class=\"wp-block-getwid-social-links__link\" href=\"https:\/\/www.instagram.com\/\"><span class=\"wp-block-getwid-social-links__wrapper\"><i class=\"fab fa-instagram\"><\/i><\/span><\/a><\/li><li class=\"wp-block-getwid-social-links__item\"><a class=\"wp-block-getwid-social-links__link\" href=\"https:\/\/www.youtube.com\/\"><span class=\"wp-block-getwid-social-links__wrapper\"><i class=\"fab fa-youtube\"><\/i><\/span><\/a><\/li><\/ul><\/div>\n<\/div><\/div>\n\n\t<\/div>\n\n\n\n<div class=\"col-12 col-md-6 col-lg-4\">\n\t\t\t\n\n<div class=\"wp-block-getwid-person\"><div class=\"wp-block-getwid-person__image\"><img loading=\"lazy\" decoding=\"async\" width=\"200\" height=\"300\" src=\"https:\/\/www.quittenbaum.de\/wp-content\/uploads\/2021\/02\/Faridah-Younes-200x300.jpg\" class=\"wp-image-1958\" srcset=\"https:\/\/www.quittenbaum.de\/wp-content\/uploads\/2021\/02\/Faridah-Younes-200x300.jpg 200w, https:\/\/www.quittenbaum.de\/wp-content\/uploads\/2021\/02\/Faridah-Younes.jpg 333w\" sizes=\"auto, (max-width: 200px) 100vw, 200px\" \/><\/div><div class=\"wp-block-getwid-person__content-wrapper\"><span class=\"wp-block-getwid-person__title\">Faridah Marie Youn\u00e8s M.A.<\/span><span class=\"wp-block-getwid-person__subtitle\">Leitung Jugendstil und Art D\u00e9co<\/span><p class=\"wp-block-getwid-person__content\">Tel. 089-273702-115<br>faridah.younes@quittenbaum.de<br><a href=\"mailto:faridah.younes@quittenbaum.de\">Kontaktieren<\/a><\/p>\n<div class=\"wp-block-getwid-social-links has-default-spacing\"><ul class=\"wp-block-getwid-social-links__list getwid-justify-content-center\"><li class=\"wp-block-getwid-social-links__item\"><a class=\"wp-block-getwid-social-links__link\" href=\"https:\/\/www.facebook.com\/\"><span class=\"wp-block-getwid-social-links__wrapper\"><i class=\"fab fa-facebook-f\"><\/i><\/span><\/a><\/li><li class=\"wp-block-getwid-social-links__item\"><a class=\"wp-block-getwid-social-links__link\" href=\"https:\/\/twitter.com\/\"><span class=\"wp-block-getwid-social-links__wrapper\"><i class=\"fab fa-twitter\"><\/i><\/span><\/a><\/li><li class=\"wp-block-getwid-social-links__item\"><a class=\"wp-block-getwid-social-links__link\" href=\"https:\/\/www.instagram.com\/\"><span class=\"wp-block-getwid-social-links__wrapper\"><i class=\"fab fa-instagram\"><\/i><\/span><\/a><\/li><li class=\"wp-block-getwid-social-links__item\"><a class=\"wp-block-getwid-social-links__link\" href=\"https:\/\/www.youtube.com\/\"><span class=\"wp-block-getwid-social-links__wrapper\"><i class=\"fab fa-youtube\"><\/i><\/span><\/a><\/li><\/ul><\/div>\n<\/div><\/div>\n\n\t<\/div>\n\n\n\n<div class=\"col-12 col-md-6 col-lg-4\">\n\t\t\t\n\n<div class=\"wp-block-getwid-person\"><div class=\"wp-block-getwid-person__image\"><img loading=\"lazy\" decoding=\"async\" width=\"200\" height=\"300\" src=\"https:\/\/www.quittenbaum.de\/wp-content\/uploads\/2024\/09\/Laura_Hille-200x300.jpg\" class=\"wp-image-7823\" srcset=\"https:\/\/www.quittenbaum.de\/wp-content\/uploads\/2024\/09\/Laura_Hille-200x300.jpg 200w, https:\/\/www.quittenbaum.de\/wp-content\/uploads\/2024\/09\/Laura_Hille-683x1024.jpg 683w, https:\/\/www.quittenbaum.de\/wp-content\/uploads\/2024\/09\/Laura_Hille-768x1152.jpg 768w, https:\/\/www.quittenbaum.de\/wp-content\/uploads\/2024\/09\/Laura_Hille-1024x1536.jpg 1024w, https:\/\/www.quittenbaum.de\/wp-content\/uploads\/2024\/09\/Laura_Hille-1365x2048.jpg 1365w, https:\/\/www.quittenbaum.de\/wp-content\/uploads\/2024\/09\/Laura_Hille-1280x1920.jpg 1280w, https:\/\/www.quittenbaum.de\/wp-content\/uploads\/2024\/09\/Laura_Hille-512x768.jpg 512w, https:\/\/www.quittenbaum.de\/wp-content\/uploads\/2024\/09\/Laura_Hille-scaled.jpg 1707w\" sizes=\"auto, (max-width: 200px) 100vw, 200px\" \/><\/div><div class=\"wp-block-getwid-person__content-wrapper\"><span class=\"wp-block-getwid-person__title\">Laura Hille M.A.<\/span><span class=\"wp-block-getwid-person__subtitle\">Leitung Moderne und Zeitgen\u00f6ssische Kunst<\/span><p class=\"wp-block-getwid-person__content\">Tel. 089-273702-119<br>l.hille@quittenbaum.de<br><a href=\"mailto:l.hille@quittenbaum.de\">Kontaktieren<\/a><\/p>\n<div class=\"wp-block-getwid-social-links has-default-spacing\"><ul class=\"wp-block-getwid-social-links__list getwid-justify-content-center\"><li class=\"wp-block-getwid-social-links__item\"><a class=\"wp-block-getwid-social-links__link\" href=\"https:\/\/www.facebook.com\/\"><span class=\"wp-block-getwid-social-links__wrapper\"><i class=\"fab fa-facebook-f\"><\/i><\/span><\/a><\/li><li class=\"wp-block-getwid-social-links__item\"><a class=\"wp-block-getwid-social-links__link\" href=\"https:\/\/twitter.com\/\"><span class=\"wp-block-getwid-social-links__wrapper\"><i class=\"fab fa-twitter\"><\/i><\/span><\/a><\/li><li class=\"wp-block-getwid-social-links__item\"><a class=\"wp-block-getwid-social-links__link\" href=\"https:\/\/www.instagram.com\/\"><span class=\"wp-block-getwid-social-links__wrapper\"><i class=\"fab fa-instagram\"><\/i><\/span><\/a><\/li><li class=\"wp-block-getwid-social-links__item\"><a class=\"wp-block-getwid-social-links__link\" href=\"https:\/\/www.youtube.com\/\"><span class=\"wp-block-getwid-social-links__wrapper\"><i class=\"fab fa-youtube\"><\/i><\/span><\/a><\/li><\/ul><\/div>\n<\/div><\/div>\n\n\t<\/div>\n\n\n\n<div class=\"col-12 col-md-6 col-lg-4\">\n\t\t\t\n\n<div class=\"wp-block-getwid-person\"><div class=\"wp-block-getwid-person__image\"><img loading=\"lazy\" decoding=\"async\" width=\"200\" height=\"300\" src=\"https:\/\/www.quittenbaum.de\/wp-content\/uploads\/2025\/08\/04_Nadine_014Rb-200x300.jpg\" class=\"wp-image-8726\" srcset=\"https:\/\/www.quittenbaum.de\/wp-content\/uploads\/2025\/08\/04_Nadine_014Rb-200x300.jpg 200w, https:\/\/www.quittenbaum.de\/wp-content\/uploads\/2025\/08\/04_Nadine_014Rb-683x1024.jpg 683w, https:\/\/www.quittenbaum.de\/wp-content\/uploads\/2025\/08\/04_Nadine_014Rb-768x1152.jpg 768w, https:\/\/www.quittenbaum.de\/wp-content\/uploads\/2025\/08\/04_Nadine_014Rb-512x768.jpg 512w\" sizes=\"auto, (max-width: 200px) 100vw, 200px\" \/><\/div><div class=\"wp-block-getwid-person__content-wrapper\"><span class=\"wp-block-getwid-person__title\">Nadine Becker M.A.<\/span><span class=\"wp-block-getwid-person__subtitle\">Leitung Schmuck, Autorenschmuck, <br>Glas 20. Jahrhundert<\/span><p class=\"wp-block-getwid-person__content\">Tel. 089-273702-118<br>n.becker@quittenbaum.de<br><a href=\"mailto:n.becker@quittenbaum.de\">Kontaktieren<\/a><\/p>\n<div class=\"wp-block-getwid-social-links has-default-spacing\"><ul class=\"wp-block-getwid-social-links__list getwid-justify-content-center\"><li class=\"wp-block-getwid-social-links__item\"><a class=\"wp-block-getwid-social-links__link\" href=\"https:\/\/www.facebook.com\/\"><span class=\"wp-block-getwid-social-links__wrapper\"><i class=\"fab fa-facebook-f\"><\/i><\/span><\/a><\/li><li class=\"wp-block-getwid-social-links__item\"><a class=\"wp-block-getwid-social-links__link\" href=\"https:\/\/twitter.com\/\"><span class=\"wp-block-getwid-social-links__wrapper\"><i class=\"fab fa-twitter\"><\/i><\/span><\/a><\/li><li class=\"wp-block-getwid-social-links__item\"><a class=\"wp-block-getwid-social-links__link\" href=\"https:\/\/www.instagram.com\/\"><span class=\"wp-block-getwid-social-links__wrapper\"><i class=\"fab fa-instagram\"><\/i><\/span><\/a><\/li><li class=\"wp-block-getwid-social-links__item\"><a class=\"wp-block-getwid-social-links__link\" href=\"https:\/\/www.youtube.com\/\"><span class=\"wp-block-getwid-social-links__wrapper\"><i class=\"fab fa-youtube\"><\/i><\/span><\/a><\/li><\/ul><\/div>\n<\/div><\/div>\n\n\t<\/div>\n\n\n\n<div class=\"col-12 col-md-6 col-lg-4\">\n\t\t\t\n\n<div class=\"wp-block-getwid-person\"><div class=\"wp-block-getwid-person__image\"><img loading=\"lazy\" decoding=\"async\" width=\"200\" height=\"300\" src=\"https:\/\/www.quittenbaum.de\/wp-content\/uploads\/2021\/01\/Dirk_Driemeyer_500-200x300.jpg\" class=\"wp-image-731\" srcset=\"https:\/\/www.quittenbaum.de\/wp-content\/uploads\/2021\/01\/Dirk_Driemeyer_500-200x300.jpg 200w, https:\/\/www.quittenbaum.de\/wp-content\/uploads\/2021\/01\/Dirk_Driemeyer_500.jpg 333w\" sizes=\"auto, (max-width: 200px) 100vw, 200px\" \/><\/div><div class=\"wp-block-getwid-person__content-wrapper\"><span class=\"wp-block-getwid-person__title\">Dirk Driemeyer<\/span><span class=\"wp-block-getwid-person__subtitle\">Leitung Logistik, Organisation<\/span><p class=\"wp-block-getwid-person__content\">Tel. 089-273702-112<br>dirk.driemeyer@quittenbaum.de<br><a href=\"mailto:dirk.driemeyer@quittenbaum.de\">Kontaktieren<\/a><\/p>\n<div class=\"wp-block-getwid-social-links has-default-spacing\"><ul class=\"wp-block-getwid-social-links__list getwid-justify-content-center\"><li class=\"wp-block-getwid-social-links__item\"><a class=\"wp-block-getwid-social-links__link\" href=\"https:\/\/www.facebook.com\/\"><span class=\"wp-block-getwid-social-links__wrapper\"><i class=\"fab fa-facebook-f\"><\/i><\/span><\/a><\/li><li class=\"wp-block-getwid-social-links__item\"><a class=\"wp-block-getwid-social-links__link\" href=\"https:\/\/twitter.com\/\"><span class=\"wp-block-getwid-social-links__wrapper\"><i class=\"fab fa-twitter\"><\/i><\/span><\/a><\/li><li class=\"wp-block-getwid-social-links__item\"><a class=\"wp-block-getwid-social-links__link\" href=\"https:\/\/www.instagram.com\/\"><span class=\"wp-block-getwid-social-links__wrapper\"><i class=\"fab fa-instagram\"><\/i><\/span><\/a><\/li><li class=\"wp-block-getwid-social-links__item\"><a class=\"wp-block-getwid-social-links__link\" href=\"https:\/\/www.youtube.com\/\"><span class=\"wp-block-getwid-social-links__wrapper\"><i class=\"fab fa-youtube\"><\/i><\/span><\/a><\/li><\/ul><\/div>\n<\/div><\/div>\n\n\t<\/div>\n\n\n\n<div class=\"col-12 col-md-6 col-lg-4\">\n\t\t\t\n\n<div class=\"wp-block-getwid-person\"><div class=\"wp-block-getwid-person__image\"><img loading=\"lazy\" decoding=\"async\" width=\"200\" height=\"300\" src=\"https:\/\/www.quittenbaum.de\/wp-content\/uploads\/2021\/03\/Anette_Ehrenhardt_033-Kopie-200x300.jpg\" class=\"wp-image-2280\" srcset=\"https:\/\/www.quittenbaum.de\/wp-content\/uploads\/2021\/03\/Anette_Ehrenhardt_033-Kopie-200x300.jpg 200w, https:\/\/www.quittenbaum.de\/wp-content\/uploads\/2021\/03\/Anette_Ehrenhardt_033-Kopie.jpg 333w\" sizes=\"auto, (max-width: 200px) 100vw, 200px\" \/><\/div><div class=\"wp-block-getwid-person__content-wrapper\"><span class=\"wp-block-getwid-person__title\">Annette Ehrenhardt<\/span><span class=\"wp-block-getwid-person__subtitle\">Leitung Buchhaltung<\/span><p class=\"wp-block-getwid-person__content\">Tel. 089-273702-117<br>buchhaltung@quittenbaum.de<br><a href=\"mailto:buchhaltung@quittenbaum.de\">Kontaktieren<\/a><\/p>\n<div class=\"wp-block-getwid-social-links has-default-spacing\"><ul class=\"wp-block-getwid-social-links__list getwid-justify-content-center\"><li class=\"wp-block-getwid-social-links__item\"><a class=\"wp-block-getwid-social-links__link\" href=\"https:\/\/www.facebook.com\/\"><span class=\"wp-block-getwid-social-links__wrapper\"><i class=\"fab fa-facebook-f\"><\/i><\/span><\/a><\/li><li class=\"wp-block-getwid-social-links__item\"><a class=\"wp-block-getwid-social-links__link\" href=\"https:\/\/twitter.com\/\"><span class=\"wp-block-getwid-social-links__wrapper\"><i class=\"fab fa-twitter\"><\/i><\/span><\/a><\/li><li class=\"wp-block-getwid-social-links__item\"><a class=\"wp-block-getwid-social-links__link\" href=\"https:\/\/www.instagram.com\/\"><span class=\"wp-block-getwid-social-links__wrapper\"><i class=\"fab fa-instagram\"><\/i><\/span><\/a><\/li><li class=\"wp-block-getwid-social-links__item\"><a class=\"wp-block-getwid-social-links__link\" href=\"https:\/\/www.youtube.com\/\"><span class=\"wp-block-getwid-social-links__wrapper\"><i class=\"fab fa-youtube\"><\/i><\/span><\/a><\/li><\/ul><\/div>\n<\/div><\/div>\n\n\t<\/div>\n\n\n\n<div class=\"col-12 col-md-6 col-lg-4\">\n\t\t\t\n\n<div class=\"wp-block-getwid-person\"><div class=\"wp-block-getwid-person__image\"><img loading=\"lazy\" decoding=\"async\" width=\"200\" height=\"300\" src=\"https:\/\/www.quittenbaum.de\/wp-content\/uploads\/2021\/03\/Veit_Vohlwasen-Kopie-200x300.jpg\" alt=\"\" class=\"wp-image-2286\" srcset=\"https:\/\/www.quittenbaum.de\/wp-content\/uploads\/2021\/03\/Veit_Vohlwasen-Kopie-200x300.jpg 200w, https:\/\/www.quittenbaum.de\/wp-content\/uploads\/2021\/03\/Veit_Vohlwasen-Kopie.jpg 333w\" sizes=\"auto, (max-width: 200px) 100vw, 200px\" \/><\/div><div class=\"wp-block-getwid-person__content-wrapper\"><span class=\"wp-block-getwid-person__title\">Veit Volwahsen M.A.<\/span><span class=\"wp-block-getwid-person__subtitle\">Moderne und Zeitgen\u00f6ssische Kunst, Modernes Design<\/span><p class=\"wp-block-getwid-person__content\">Tel. 089-273702-121<br>v.volwahsen@quittenbaum.de<br><a href=\"mailto:v.volwahsen@quittenbaum.de\">Kontaktieren<\/a><\/p>\n<div class=\"wp-block-getwid-social-links has-default-spacing\"><ul class=\"wp-block-getwid-social-links__list getwid-justify-content-center\"><li class=\"wp-block-getwid-social-links__item\"><a class=\"wp-block-getwid-social-links__link\" href=\"https:\/\/www.facebook.com\/\"><span class=\"wp-block-getwid-social-links__wrapper\"><i class=\"fab fa-facebook-f\"><\/i><\/span><\/a><\/li><li class=\"wp-block-getwid-social-links__item\"><a class=\"wp-block-getwid-social-links__link\" href=\"https:\/\/twitter.com\/\"><span class=\"wp-block-getwid-social-links__wrapper\"><i class=\"fab fa-twitter\"><\/i><\/span><\/a><\/li><li class=\"wp-block-getwid-social-links__item\"><a class=\"wp-block-getwid-social-links__link\" href=\"https:\/\/www.instagram.com\/\"><span class=\"wp-block-getwid-social-links__wrapper\"><i class=\"fab fa-instagram\"><\/i><\/span><\/a><\/li><li class=\"wp-block-getwid-social-links__item\"><a class=\"wp-block-getwid-social-links__link\" href=\"https:\/\/www.youtube.com\/\"><span class=\"wp-block-getwid-social-links__wrapper\"><i class=\"fab fa-youtube\"><\/i><\/span><\/a><\/li><\/ul><\/div>\n<\/div><\/div>\n\n\t<\/div>\n\n\n\n<div class=\"col-12 col-md-6 col-lg-4\">\n\t\t\t\n\n<div class=\"wp-block-getwid-person\"><div class=\"wp-block-getwid-person__image\"><img loading=\"lazy\" decoding=\"async\" width=\"200\" height=\"300\" src=\"https:\/\/www.quittenbaum.de\/wp-content\/uploads\/2023\/08\/DSC2619-200x300.jpg\" class=\"wp-image-6510\" srcset=\"https:\/\/www.quittenbaum.de\/wp-content\/uploads\/2023\/08\/DSC2619-200x300.jpg 200w, https:\/\/www.quittenbaum.de\/wp-content\/uploads\/2023\/08\/DSC2619-684x1024.jpg 684w, https:\/\/www.quittenbaum.de\/wp-content\/uploads\/2023\/08\/DSC2619-768x1151.jpg 768w, https:\/\/www.quittenbaum.de\/wp-content\/uploads\/2023\/08\/DSC2619-1025x1536.jpg 1025w, https:\/\/www.quittenbaum.de\/wp-content\/uploads\/2023\/08\/DSC2619-1367x2048.jpg 1367w, https:\/\/www.quittenbaum.de\/wp-content\/uploads\/2023\/08\/DSC2619-1282x1920.jpg 1282w, https:\/\/www.quittenbaum.de\/wp-content\/uploads\/2023\/08\/DSC2619-513x768.jpg 513w, https:\/\/www.quittenbaum.de\/wp-content\/uploads\/2023\/08\/DSC2619-scaled.jpg 1709w\" sizes=\"auto, (max-width: 200px) 100vw, 200px\" \/><\/div><div class=\"wp-block-getwid-person__content-wrapper\"><span class=\"wp-block-getwid-person__title\">Ava Boll M.A.<\/span><span class=\"wp-block-getwid-person__subtitle\">Modernes Design<br>Katalogbestellungen<\/span><p class=\"wp-block-getwid-person__content\">Tel. 089-273702-116<br>a.boll@quittenbaum.de<br><a href=\"mailto:a.boll@quittenbaum.de\">Kontaktieren<\/a><\/p>\n<div class=\"wp-block-getwid-social-links has-default-spacing\"><ul class=\"wp-block-getwid-social-links__list getwid-justify-content-center\"><li class=\"wp-block-getwid-social-links__item\"><a class=\"wp-block-getwid-social-links__link\" href=\"https:\/\/www.facebook.com\/\"><span class=\"wp-block-getwid-social-links__wrapper\"><i class=\"fab fa-facebook-f\"><\/i><\/span><\/a><\/li><li class=\"wp-block-getwid-social-links__item\"><a class=\"wp-block-getwid-social-links__link\" href=\"https:\/\/twitter.com\/\"><span class=\"wp-block-getwid-social-links__wrapper\"><i class=\"fab fa-twitter\"><\/i><\/span><\/a><\/li><li class=\"wp-block-getwid-social-links__item\"><a class=\"wp-block-getwid-social-links__link\" href=\"https:\/\/www.instagram.com\/\"><span class=\"wp-block-getwid-social-links__wrapper\"><i class=\"fab fa-instagram\"><\/i><\/span><\/a><\/li><li class=\"wp-block-getwid-social-links__item\"><a class=\"wp-block-getwid-social-links__link\" href=\"https:\/\/www.youtube.com\/\"><span class=\"wp-block-getwid-social-links__wrapper\"><i class=\"fab fa-youtube\"><\/i><\/span><\/a><\/li><\/ul><\/div>\n<\/div><\/div>\n\n\t<\/div>\n\n\n\n<div class=\"col-12 col-md-6 col-lg-4\">\n\t\t\t\n\n<div class=\"wp-block-getwid-person\"><div class=\"wp-block-getwid-person__image\"><img loading=\"lazy\" decoding=\"async\" width=\"200\" height=\"300\" src=\"https:\/\/www.quittenbaum.de\/wp-content\/uploads\/2025\/10\/Portrait-3847-200x300.jpg\" class=\"wp-image-8797\" srcset=\"https:\/\/www.quittenbaum.de\/wp-content\/uploads\/2025\/10\/Portrait-3847-200x300.jpg 200w, https:\/\/www.quittenbaum.de\/wp-content\/uploads\/2025\/10\/Portrait-3847-683x1024.jpg 683w, https:\/\/www.quittenbaum.de\/wp-content\/uploads\/2025\/10\/Portrait-3847-768x1152.jpg 768w, https:\/\/www.quittenbaum.de\/wp-content\/uploads\/2025\/10\/Portrait-3847-1024x1536.jpg 1024w, https:\/\/www.quittenbaum.de\/wp-content\/uploads\/2025\/10\/Portrait-3847-1365x2048.jpg 1365w, https:\/\/www.quittenbaum.de\/wp-content\/uploads\/2025\/10\/Portrait-3847-1280x1920.jpg 1280w, https:\/\/www.quittenbaum.de\/wp-content\/uploads\/2025\/10\/Portrait-3847-512x768.jpg 512w, https:\/\/www.quittenbaum.de\/wp-content\/uploads\/2025\/10\/Portrait-3847-scaled.jpg 1706w\" sizes=\"auto, (max-width: 200px) 100vw, 200px\" \/><\/div><div class=\"wp-block-getwid-person__content-wrapper\"><span class=\"wp-block-getwid-person__title\">Massimiliano Cinque B.A.<\/span><span class=\"wp-block-getwid-person__subtitle\">Modernes Design, Vintage-Acessoires<br><\/span><p class=\"wp-block-getwid-person__content\">Tel. 089-273702-125<br>m.cinque@quittenbaum.de<br><a href=\"mailto:m.cinque@quittenbaum.de\">Kontaktieren<\/a><\/p>\n<div class=\"wp-block-getwid-social-links has-default-spacing\"><ul class=\"wp-block-getwid-social-links__list getwid-justify-content-center\"><\/ul><\/div>\n<\/div><\/div>\n\n\t<\/div>\n\n\n\n<div class=\"col-12 col-md-6 col-lg-4\">\n\t\t\t\n\n<div class=\"wp-block-getwid-person\"><div class=\"wp-block-getwid-person__image\"><img loading=\"lazy\" decoding=\"async\" width=\"200\" height=\"300\" src=\"https:\/\/www.quittenbaum.de\/wp-content\/uploads\/2023\/12\/Markus-2023-200x300.jpg\" class=\"wp-image-6948\" srcset=\"https:\/\/www.quittenbaum.de\/wp-content\/uploads\/2023\/12\/Markus-2023-200x300.jpg 200w, https:\/\/www.quittenbaum.de\/wp-content\/uploads\/2023\/12\/Markus-2023-683x1024.jpg 683w, https:\/\/www.quittenbaum.de\/wp-content\/uploads\/2023\/12\/Markus-2023-768x1152.jpg 768w, https:\/\/www.quittenbaum.de\/wp-content\/uploads\/2023\/12\/Markus-2023-1024x1536.jpg 1024w, https:\/\/www.quittenbaum.de\/wp-content\/uploads\/2023\/12\/Markus-2023-1365x2048.jpg 1365w, https:\/\/www.quittenbaum.de\/wp-content\/uploads\/2023\/12\/Markus-2023-1280x1920.jpg 1280w, https:\/\/www.quittenbaum.de\/wp-content\/uploads\/2023\/12\/Markus-2023-512x768.jpg 512w, https:\/\/www.quittenbaum.de\/wp-content\/uploads\/2023\/12\/Markus-2023-scaled.jpg 1707w\" sizes=\"auto, (max-width: 200px) 100vw, 200px\" \/><\/div><div class=\"wp-block-getwid-person__content-wrapper\"><span class=\"wp-block-getwid-person__title\">Dr. Marcus Oertel<\/span><span class=\"wp-block-getwid-person__subtitle\"><strong>Leitung<\/strong> <strong>Repr\u00e4sentanz Rheinland<\/strong><br>Moderne Kunst, Kunstgewerbe, Asiatika<\/span><p class=\"wp-block-getwid-person__content\">Tel. 0176-6345-9258<br>m.oertel@quittenbaum.de<br><a href=\"mailto:m.oertel@quittenbaum.de\">Kontaktieren<\/a><\/p>\n<div class=\"wp-block-getwid-social-links has-default-spacing\"><ul class=\"wp-block-getwid-social-links__list getwid-justify-content-center\"><\/ul><\/div>\n<\/div><\/div>\n\n\t<\/div>\n\n\n\n<div class=\"col-12 col-md-6 col-lg-4\">\n\t\t\t\t<\/div>\n\n<\/div>\n","protected":false},"excerpt":{"rendered":"<p>Team Quittenbaum &#8211; Wir sind f\u00fcr sie da [&#8230;]<\/p>\n<p><a class=\"btn btn-ppc understrap-read-more-link\" href=\"https:\/\/www.quittenbaum.de\/de\/ueber-uns\/team\/\">Weiterlesen&#8230;<\/a><\/p>\n","protected":false},"author":1,"featured_media":0,"parent":103,"menu_order":0,"comment_status":"closed","ping_status":"closed","template":"","meta":{"footnotes":""},"class_list":["post-572","page","type-page","status-publish","hentry"],"_links":{"self":[{"href":"https:\/\/www.quittenbaum.de\/de\/wp-json\/wp\/v2\/pages\/572","targetHints":{"allow":["GET"]}}],"collection":[{"href":"https:\/\/www.quittenbaum.de\/de\/wp-json\/wp\/v2\/pages"}],"about":[{"href":"https:\/\/www.quittenbaum.de\/de\/wp-json\/wp\/v2\/types\/page"}],"author":[{"embeddable":true,"href":"https:\/\/www.quittenbaum.de\/de\/wp-json\/wp\/v2\/users\/1"}],"replies":[{"embeddable":true,"href":"https:\/\/www.quittenbaum.de\/de\/wp-json\/wp\/v2\/comments?post=572"}],"version-history":[{"count":77,"href":"https:\/\/www.quittenbaum.de\/de\/wp-json\/wp\/v2\/pages\/572\/revisions"}],"predecessor-version":[{"id":8979,"href":"https:\/\/www.quittenbaum.de\/de\/wp-json\/wp\/v2\/pages\/572\/revisions\/8979"}],"up":[{"embeddable":true,"href":"https:\/\/www.quittenbaum.de\/de\/wp-json\/wp\/v2\/pages\/103"}],"wp:attachment":[{"href":"https:\/\/www.quittenbaum.de\/de\/wp-json\/wp\/v2\/media?parent=572"}],"curies":[{"name":"wp","href":"https:\/\/api.w.org\/{rel}","templated":true}]}}