{"id":5,"date":"2020-07-06T20:42:02","date_gmt":"2020-07-06T18:42:02","guid":{"rendered":"https:\/\/www.quittenbaum.de\/?page_id=5"},"modified":"2026-04-27T18:15:05","modified_gmt":"2026-04-27T16:15:05","slug":"startseite","status":"publish","type":"page","link":"https:\/\/www.quittenbaum.de\/de\/","title":{"rendered":"Startseite"},"content":{"rendered":"\n<div style=\"height:50px\" aria-hidden=\"true\" class=\"wp-block-spacer\"><\/div>\n\n\n\n<h2 class=\"wp-block-heading has-text-align-center\" id=\"willkommen-bei-quittenbaum-kunstauktionen-ihr-internationales-auktionshaus-fur-jugendstil-art-deco-design-murano-glas-und-kunst-des-20-jahrhunderts\">Quittenbaum Kunstauktionen M\u00fcnchen ist Ihr internationales Auktionshaus f\u00fcr Jugendstil, Art D\u00e9co, Design, Murano Glas, Alte Kunst, Moderne sowie Kunst des 20.\/21. Jahrhunderts sowie Juwelenschmuck, K\u00fcnstlerschmuck und Autorenschmuck<\/h2>\n\n\n\n<p class=\"has-text-align-center\">An vier Terminen im Jahr versteigern wir seit 1998 mit gro\u00dfem Erfolg M\u00f6bel, Leuchten und Kunsthandwerk aus den Bereichen Jugendstil und Art D\u00e9co. Au\u00dferdem bieten wir Design vom Bauhaus \u00fcber Midcentury, Space Age bis Contemporary Design, Murano Glas, feines Kunsthandwerk, historischen Juwelenschmuck, Autorenschmuck, K\u00fcnstlerschmuck, Fotografie, Vintage Accessoires sowie moderne und zeitgen\u00f6ssische Kunst an.&nbsp;<\/p>\n\n\n\n<p class=\"has-text-align-center\">Seit Januar 2024 sind wir mit einer Repr\u00e4sentanz in D\u00fcsseldorf f\u00fcr Kunden im Rheinland bequem erreichbar.<\/p>\n\n\n\n<p class=\"has-text-align-center\">Kontaktieren Sie uns gerne telefonisch oder per E-mail, wenn Sie Objekte versteigern lassen oder ersteigern m\u00f6chten oder lassen Sie Ihre Kunstwerke und Designobjekte unverbindlich und kostenlos von unseren Experten sch\u00e4tzen.<\/p>\n\n\n\n<div class=\"wp-block-buttons is-content-justification-center is-layout-flex wp-container-core-buttons-is-layout-16018d1d wp-block-buttons-is-layout-flex\">\n<div class=\"wp-block-button\"><a class=\"wp-block-button__link has-text-align-left wp-element-button\" href=\"mailto:info@quittenbaum.de\">E-Mail schreiben<svg xmlns=\"http:\/\/www.w3.org\/2000\/svg\" height=\"903.5155\" width=\"784.68573\" version=\"1.1\" viewBox=\"0 0 784.68573 903.5155\" id=\"svg2\"><g transform=\"rotate(-29.836465,228.90704,841.06274)\" id=\"g827\"><g id=\"g818\"><path class=\"triangle-svg\" d=\"M 2.4743595,780.10472 H 901.47436\" id=\"path2997\" \/><path class=\"triangle-svg\" d=\"m 452.46439,2.0247035 449.5,778.5609765\" id=\"path2997-4\" \/><path class=\"triangle-svg\" d=\"M 451.51435,2.0247035 2.0143504,780.58568\" id=\"path2997-4-5\" \/><\/g><path class=\"triangle-svg\" d=\"m 8.6677225,775.98837 c 0,-2.20985 442.0724275,-766.6153281 443.3504475,-766.6153281 1.26583,0 443.38324,764.4588581 443.38324,766.6475881 0,0.54998 -199.51508,0.99996 -443.36685,0.99996 -243.85176,0 -443.3668375,-0.46449 -443.3668375,-1.03222 z\" id=\"path820\" \/><\/g><\/svg><\/a> <\/div>\n<\/div>\n\n\n\n<div style=\"height:50px\" aria-hidden=\"true\" class=\"wp-block-spacer\"><\/div>\n\n\n\n<div class=\"wp-block-cover has-fullwidth is-light\"><span aria-hidden=\"true\" class=\"wp-block-cover__background has-background-dim-100 has-background-dim\" style=\"background-color:#c0c6cb\"><\/span><div class=\"wp-block-cover__inner-container is-layout-flow wp-block-cover-is-layout-flow\">\n<h1 class=\"wp-block-heading has-text-align-center has-text-color\" id=\"aktuelle-auktionen\" style=\"color:#9b0028\">Kommende Auktionen<\/h1>\n\n\n<div class=\"wp-bootstrap-blocks-container container mb-2\">\n\t\n<div class=\"auctions-portfolio-block\"><div class=\"auctions-portfolio-slider owl-carousel owl-single-carousel\" id=\"57665\" \n                            data-items=\"4\" \n                            data-lazy-load=\"true\" \n                            data-nav=\"true\" \n                            data-autoplay=\"false\" \n                            data-autoplayTimeout=\"2000\" \n                            data-margin=\"20\" \n                            data-loop=\"false\" \n                            data-rewind=\"true\" \n                            data-responsive=\"{'0':{'items':1},'575':{'items':2},'767':{'items':2},'991':{'items':3},'1199':{'items':4}}\"><div class=\"item\"><div class=\"auctions-portfolio-inner\"><span class=\"tip red d-none\">Einlieferung<\/span><div class=\"auctions-portfolio-image\"><a title=\"Jugendstil - Art D\u00e9co\" href=\"https:\/\/www.quittenbaum.de\/de\/auktionen\/jugendstil-art-deco\/182A\/\"><img decoding=\"async\" alt=\"Jugendstil - Art D\u00e9co\" src=\"https:\/\/www.quittenbaum.de\/wp-content\/themes\/quittenbaum\/imagecache\/covers\/182A-1-500.jpg\"><\/a><\/div><div class=\"auctions-portfolio-overlay\"><a title=\"Jugendstil - Art D\u00e9co\" href=\"https:\/\/www.quittenbaum.de\/de\/auktionen\/jugendstil-art-deco\/182A\/\"><h4 class=\"d-none\">Jugendstil - Art D\u00e9co<\/h4><p>16. Juni 2026 | 15:00 MESZ<\/p><\/a><\/div><\/div><!-- auctions-portfolio-inner close --><\/div><div class=\"item\"><div class=\"auctions-portfolio-inner\"><span class=\"tip red d-none\">Einlieferung<\/span><div class=\"auctions-portfolio-image\"><a title=\"RADIKAL SCH\u00d6N - Bedeutendes Design aus einer privaten Sammlung\" href=\"https:\/\/www.quittenbaum.de\/de\/auktionen\/design\/182B\/\"><img decoding=\"async\" alt=\"RADIKAL SCH\u00d6N - Bedeutendes Design aus einer privaten Sammlung\" src=\"https:\/\/www.quittenbaum.de\/wp-content\/themes\/quittenbaum\/imagecache\/covers\/182B-1-500.jpg\"><\/a><\/div><div class=\"auctions-portfolio-overlay\"><a title=\"RADIKAL SCH\u00d6N - Bedeutendes Design aus einer privaten Sammlung\" href=\"https:\/\/www.quittenbaum.de\/de\/auktionen\/design\/182B\/\"><h4 class=\"d-none\">RADIKAL SCH\u00d6N - Bedeutendes Design aus einer privaten Sammlung<\/h4><p>17. Juni 2026 | 15:00 MESZ<\/p><\/a><\/div><\/div><!-- auctions-portfolio-inner close --><\/div><div class=\"item\"><div class=\"auctions-portfolio-inner\"><span class=\"tip red d-none\">Einlieferung<\/span><div class=\"auctions-portfolio-image\"><a title=\"Design\" href=\"https:\/\/www.quittenbaum.de\/de\/auktionen\/design\/182C\/\"><img decoding=\"async\" alt=\"Design\" src=\"https:\/\/www.quittenbaum.de\/wp-content\/themes\/quittenbaum\/imagecache\/covers\/182C-1-500.jpg\"><\/a><\/div><div class=\"auctions-portfolio-overlay\"><a title=\"Design\" href=\"https:\/\/www.quittenbaum.de\/de\/auktionen\/design\/182C\/\"><h4 class=\"d-none\">Design<\/h4><p>18. Juni 2026 | 15:00 MESZ<\/p><\/a><\/div><\/div><!-- auctions-portfolio-inner close --><\/div><div class=\"item\"><div class=\"auctions-portfolio-inner\"><span class=\"tip red d-none\">Einlieferung<\/span><div class=\"auctions-portfolio-image\"><a title=\"Autorenschmuck & Juwelen\" href=\"https:\/\/www.quittenbaum.de\/de\/auktionen\/autorenschmuck\/182D\/\"><img decoding=\"async\" alt=\"Autorenschmuck & Juwelen\" src=\"https:\/\/www.quittenbaum.de\/wp-content\/themes\/quittenbaum\/imagecache\/covers\/182D-1-500.jpg\"><\/a><\/div><div class=\"auctions-portfolio-overlay\"><a title=\"Autorenschmuck & Juwelen\" href=\"https:\/\/www.quittenbaum.de\/de\/auktionen\/autorenschmuck\/182D\/\"><h4 class=\"d-none\">Autorenschmuck & Juwelen<\/h4><p>18. Juni 2026 | 18:00 MESZ<\/p><\/a><\/div><\/div><!-- auctions-portfolio-inner close --><\/div><div class=\"item\"><div class=\"auctions-portfolio-inner\"><span class=\"tip red d-none\">Einlieferung<\/span><div class=\"auctions-portfolio-image\"><a title=\"Murano Glas\" href=\"https:\/\/www.quittenbaum.de\/de\/auktionen\/murano-glas\/183B\/\"><img decoding=\"async\" alt=\"Murano Glas\" src=\"https:\/\/www.quittenbaum.de\/wp-content\/themes\/quittenbaum\/imagecache\/covers\/183B-1-500.jpg\"><\/a><\/div><div class=\"auctions-portfolio-overlay\"><a title=\"Murano Glas\" href=\"https:\/\/www.quittenbaum.de\/de\/auktionen\/murano-glas\/183B\/\"><h4 class=\"d-none\">Murano Glas<\/h4><p>14. Oktober 2026 | 15:00 MESZ<\/p><\/a><\/div><\/div><!-- auctions-portfolio-inner close --><\/div><div class=\"item\"><div class=\"auctions-portfolio-inner\"><span class=\"tip red d-none\">Einlieferung<\/span><div class=\"auctions-portfolio-image\"><a title=\"Moderne Kunst\" href=\"https:\/\/www.quittenbaum.de\/de\/auktionen\/moderne-kunst\/183C\/\"><img decoding=\"async\" alt=\"Moderne Kunst\" src=\"https:\/\/www.quittenbaum.de\/wp-content\/themes\/quittenbaum\/imagecache\/covers\/183C-1-500.jpg\"><\/a><\/div><div class=\"auctions-portfolio-overlay\"><a title=\"Moderne Kunst\" href=\"https:\/\/www.quittenbaum.de\/de\/auktionen\/moderne-kunst\/183C\/\"><h4 class=\"d-none\">Moderne Kunst<\/h4><p>14. Oktober 2026 | 17:30 MESZ<\/p><\/a><\/div><\/div><!-- auctions-portfolio-inner close --><\/div><\/div><\/div>\n\n<\/div>\n<\/div><\/div>\n\n\n\n<div style=\"height:50px\" aria-hidden=\"true\" class=\"wp-block-spacer\"><\/div>\n\n\n\n<div class=\"wp-block-columns alignwide is-layout-flex wp-container-core-columns-is-layout-829b1d53 wp-block-columns-is-layout-flex\" style=\"margin-bottom:0\">\n<div class=\"wp-block-column has-text-color has-background has-link-color wp-elements-82160b227bef096f81e3b2b7f3ebfba7 is-layout-flow wp-block-column-is-layout-flow\" style=\"color:#000000;background-color:#ffe97d;padding-top:2em;padding-right:2em;padding-bottom:2em;padding-left:2em\">\n<h2 class=\"wp-block-heading\" id=\"single\" style=\"font-size:40px\"><strong>DESIGN<\/strong><\/h2>\n\n\n\n<p class=\"has-normal-font-size\" style=\"line-height:1.5\"><strong>LISTENKATALOG<\/strong><\/p>\n\n\n\n<div class=\"wp-block-buttons is-layout-flex wp-block-buttons-is-layout-flex\">\n<div class=\"wp-block-button\"><a class=\"wp-block-button__link wp-element-button\" href=\"https:\/\/issuu.com\/quittenbaum\/docs\/181a_design_-_listenkatalog_quittenbaum_kunsta\">ONLINE BL\u00c4TTERN<svg xmlns=\"http:\/\/www.w3.org\/2000\/svg\" height=\"903.5155\" width=\"784.68573\" version=\"1.1\" viewBox=\"0 0 784.68573 903.5155\" id=\"svg2\"><g transform=\"rotate(-29.836465,228.90704,841.06274)\" id=\"g827\"><g id=\"g818\"><path class=\"triangle-svg\" d=\"M 2.4743595,780.10472 H 901.47436\" id=\"path2997\" \/><path class=\"triangle-svg\" d=\"m 452.46439,2.0247035 449.5,778.5609765\" id=\"path2997-4\" \/><path class=\"triangle-svg\" d=\"M 451.51435,2.0247035 2.0143504,780.58568\" id=\"path2997-4-5\" \/><\/g><path class=\"triangle-svg\" d=\"m 8.6677225,775.98837 c 0,-2.20985 442.0724275,-766.6153281 443.3504475,-766.6153281 1.26583,0 443.38324,764.4588581 443.38324,766.6475881 0,0.54998 -199.51508,0.99996 -443.36685,0.99996 -243.85176,0 -443.3668375,-0.46449 -443.3668375,-1.03222 z\" id=\"path820\" \/><\/g><\/svg><\/a> <\/div>\n<\/div>\n\n\n\n<p class=\"has-normal-font-size\">Freuen Sie sich auf knapp 530 M\u00f6bel und Leuchten, die Sie in diesem Listenkatalog finden. Besonders spannend sind die Leuchten aus der privaten Sammlung von Dr. Bernhard Serr mit Entw\u00fcrfen aus den 1960er und 1970er Jahren. Italienisches Design ist mit Gabriella Crespi, Mario Ceroli und Angelo Brotto vertreten. Eine Rarit\u00e4t ist die Stehleuchte &#8218;M11&#8216; von Richard Winkelmayer, entworfen 1927.<\/p>\n<\/div>\n\n\n\n<div class=\"wp-block-column has-text-color has-background has-link-color wp-elements-c881d6c9137e83de359f00cb34f0870f is-layout-flow wp-block-column-is-layout-flow\" style=\"color:#000000;background-color:#d1d1e1;padding-top:2em;padding-right:2em;padding-bottom:2em;padding-left:2em\">\n<h2 class=\"wp-block-heading\" id=\"family\" style=\"font-size:40px\"><strong>MURANO GLAS<\/strong><\/h2>\n\n\n\n<p class=\"has-normal-font-size\" style=\"line-height:1.5\"><strong>LISTENKATALOG<\/strong><\/p>\n\n\n\n<div class=\"wp-block-buttons is-layout-flex wp-block-buttons-is-layout-flex\">\n<div class=\"wp-block-button\"><a class=\"wp-block-button__link wp-element-button\" href=\"https:\/\/issuu.com\/quittenbaum\/docs\/181b_murano_glas_-_listenkatalog_quittenbaum_k\">ONLINE BL\u00c4TTERN<svg xmlns=\"http:\/\/www.w3.org\/2000\/svg\" height=\"903.5155\" width=\"784.68573\" version=\"1.1\" viewBox=\"0 0 784.68573 903.5155\" id=\"svg2\"><g transform=\"rotate(-29.836465,228.90704,841.06274)\" id=\"g827\"><g id=\"g818\"><path class=\"triangle-svg\" d=\"M 2.4743595,780.10472 H 901.47436\" id=\"path2997\" \/><path class=\"triangle-svg\" d=\"m 452.46439,2.0247035 449.5,778.5609765\" id=\"path2997-4\" \/><path class=\"triangle-svg\" d=\"M 451.51435,2.0247035 2.0143504,780.58568\" id=\"path2997-4-5\" \/><\/g><path class=\"triangle-svg\" d=\"m 8.6677225,775.98837 c 0,-2.20985 442.0724275,-766.6153281 443.3504475,-766.6153281 1.26583,0 443.38324,764.4588581 443.38324,766.6475881 0,0.54998 -199.51508,0.99996 -443.36685,0.99996 -243.85176,0 -443.3668375,-0.46449 -443.3668375,-1.03222 z\" id=\"path820\" \/><\/g><\/svg><\/a> <\/div>\n<\/div>\n\n\n\n<p class=\"has-normal-font-size\">Das Murano Glas hat mit knapp 200 Losen einen gro\u00dfen Auftritt. Zu den Highlights z\u00e4hlt eine &#8218;Primavera&#8216;  Vase von Ercole Barovier. Dino Martens ist mit fantastischen &#8218;Oriente&#8216;-Objekten vertreten. Weitere Highlights der Offerte stammen von Fulvio Bianconi und Carlo Scarpa. Eine vollst\u00e4ndige &#8218;Pulcino&#8216;-Gruppe mit vier V\u00f6geln rundet das Angebot ab.<\/p>\n<\/div>\n\n\n\n<div class=\"wp-block-column has-text-color has-background has-link-color wp-elements-77d89d6b26c7dccb7980f3648cffcc75 is-layout-flow wp-block-column-is-layout-flow\" style=\"color:#000000;background-color:#c0ebf1;padding-top:2em;padding-right:2em;padding-bottom:2em;padding-left:2em\">\n<h2 class=\"wp-block-heading\" id=\"patron\" style=\"font-size:40px\"><strong>MODERNE KUNST<\/strong><\/h2>\n\n\n\n<p class=\"has-normal-font-size\"><strong>LISTENKATALOG<\/strong><\/p>\n\n\n\n<div class=\"wp-block-buttons is-layout-flex wp-block-buttons-is-layout-flex\">\n<div class=\"wp-block-button\"><a class=\"wp-block-button__link wp-element-button\" href=\"https:\/\/issuu.com\/quittenbaum\/docs\/181c_moderne_kunst_-_listenkatalog_quittenbaum\">ONLINE BL\u00c4TTERN<svg xmlns=\"http:\/\/www.w3.org\/2000\/svg\" height=\"903.5155\" width=\"784.68573\" version=\"1.1\" viewBox=\"0 0 784.68573 903.5155\" id=\"svg2\"><g transform=\"rotate(-29.836465,228.90704,841.06274)\" id=\"g827\"><g id=\"g818\"><path class=\"triangle-svg\" d=\"M 2.4743595,780.10472 H 901.47436\" id=\"path2997\" \/><path class=\"triangle-svg\" d=\"m 452.46439,2.0247035 449.5,778.5609765\" id=\"path2997-4\" \/><path class=\"triangle-svg\" d=\"M 451.51435,2.0247035 2.0143504,780.58568\" id=\"path2997-4-5\" \/><\/g><path class=\"triangle-svg\" d=\"m 8.6677225,775.98837 c 0,-2.20985 442.0724275,-766.6153281 443.3504475,-766.6153281 1.26583,0 443.38324,764.4588581 443.38324,766.6475881 0,0.54998 -199.51508,0.99996 -443.36685,0.99996 -243.85176,0 -443.3668375,-0.46449 -443.3668375,-1.03222 z\" id=\"path820\" \/><\/g><\/svg><\/a> <\/div>\n<\/div>\n\n\n\n<p class=\"has-normal-font-size\">Werke von Franz von Stuck und Leo Putz er\u00f6ffnen die Offerte von Gem\u00e4lden, Grafiken und Skulpturen aus dem 20. Jahrhundert. <\/p>\n\n\n\n<p class=\"has-normal-font-size\">Ikonische Werke von Pablo Picasso, Otto Piene sowie Viktor Vasarely und Rupprecht Geiger versprechen eine spannende Auktion mit rund 130 Positionen am 25. M\u00e4rz um 18.00 Uhr.<\/p>\n<\/div>\n<\/div>\n\n\n\n<div style=\"height:50px\" aria-hidden=\"true\" class=\"wp-block-spacer\"><\/div>\n\n\n\n<div class=\"wp-block-cover has-fullwidth is-light\"><span aria-hidden=\"true\" class=\"wp-block-cover__background has-background-dim-100 has-background-dim\" style=\"background-color:#c0c6cb\"><\/span><div class=\"wp-block-cover__inner-container is-layout-flow wp-block-cover-is-layout-flow\">\n<h1 class=\"wp-block-heading has-text-align-center has-text-color\" id=\"aktuelle-auktionen\" style=\"color:#9b0028\">Entdecken Sie unsere R\u00e4umlichkeiten im virtuellen Rundgang<\/h1>\n\n\n<div class=\"wp-bootstrap-blocks-container container mb-2\">\n\t\n<p><iframe width=\"100%\" height=\"480\"\nsrc=\"https:\/\/my.matterport.com\/show\/?m=gz1WybPjZBU\" frameborder=\"0\" allowfullscreen allow=\"autoplay; fullscreen; web-share; xr-spatial-tracking;\"><\/iframe><\/p>\n\n<\/div>\n<\/div><\/div>\n\n\n\n<div style=\"height:50px\" aria-hidden=\"true\" class=\"wp-block-spacer\"><\/div>\n\n\n\n<div class=\"wp-block-media-text has-media-on-the-right is-stacked-on-mobile\"><div class=\"wp-block-media-text__content\">\n<h1 class=\"wp-block-heading\">DESIGN IKONEN ER\u00d6FFNEN DAS AUKTIONSJAHR AM 24. M\u00c4RZ <\/h1>\n\n\n\n<p>Mit der Auktion Design er\u00f6ffnen wir am 24. M\u00e4rz das Auktionsjahr 2026. Die etwas mehr als 500 Lose umfassende Offerte spannt einen weiten Bogen des internationalen Designs des 20. Jahrhunderts und vereint ikonische Entw\u00fcrfe mit Sammlerst\u00fccken sowie einer umfangreichen Privatsammlung.<br><br>Nach spannungsgeladenen Bietgefechten in unserer vergangenen Highlightauktion &#8218;Schools of Design&#8216;, freuen wir uns auch in dieser Auktion wieder ein au\u00dfergew\u00f6hnliches Objekt des niederl\u00e4ndischen Architekten und Designers Gerrit Rietveld (1888-1964) anbieten zu k\u00f6nnen. Zum Aufruf kommt die Kinderschubkarre &#8218;Kruiwagen&#8216; (Kat.- Nr. 157), dessen Prototyp Rietveld 1923 f\u00fcr den Sohn des Architekten und Mitglied der De Stijl Gruppe J.J.P. Oud (1890-1963) entwarf. Eine Zeichnung der Karre findet sich in einem Brief von Rietveld an Oud vom 5. Oktober 1923. Das hier gezeigte Modell, hergestellt in den 1970er Jahren von Gerard A. van de Groenekan, vereint Buchenholzst\u00e4be und Sperrholz in den Farben Gelb, Rot, Blau, Schwarz und Wei\u00df \u2013 eine Kombination, in der Funktion, Form und Spiel in purer Geometrie verschmelzen. Die Schubkarre kommt aus der Sammlung eines deutschen Architekten der mit van de Groenekan gut befreundet war und einige Objekte direkt aus dem Besitz des Schreiners erwerben konnte. Taxiert ist die Schubkarre auf \u20ac 12.000 bis 15.000.<\/p>\n\n\n\n<div class=\"wp-block-buttons is-layout-flex wp-block-buttons-is-layout-flex\">\n<div class=\"wp-block-button\"><a class=\"wp-block-button__link wp-element-button\" href=\"https:\/\/www.quittenbaum.de\/de\/auktionen\/design\/181A\/\" target=\"_blank\" rel=\"noreferrer noopener\">Mehr lesen&#8230;<svg xmlns=\"http:\/\/www.w3.org\/2000\/svg\" height=\"903.5155\" width=\"784.68573\" version=\"1.1\" viewBox=\"0 0 784.68573 903.5155\" id=\"svg2\"><g transform=\"rotate(-29.836465,228.90704,841.06274)\" id=\"g827\"><g id=\"g818\"><path class=\"triangle-svg\" d=\"M 2.4743595,780.10472 H 901.47436\" id=\"path2997\" \/><path class=\"triangle-svg\" d=\"m 452.46439,2.0247035 449.5,778.5609765\" id=\"path2997-4\" \/><path class=\"triangle-svg\" d=\"M 451.51435,2.0247035 2.0143504,780.58568\" id=\"path2997-4-5\" \/><\/g><path class=\"triangle-svg\" d=\"m 8.6677225,775.98837 c 0,-2.20985 442.0724275,-766.6153281 443.3504475,-766.6153281 1.26583,0 443.38324,764.4588581 443.38324,766.6475881 0,0.54998 -199.51508,0.99996 -443.36685,0.99996 -243.85176,0 -443.3668375,-0.46449 -443.3668375,-1.03222 z\" id=\"path820\" \/><\/g><\/svg><\/a> <\/div>\n<\/div>\n<\/div><figure class=\"wp-block-media-text__media\"><a href=\"https:\/\/www.quittenbaum.de\/de\/auktionen\/jugendstil-art-deco\/180A\/\"><img loading=\"lazy\" decoding=\"async\" width=\"1024\" height=\"1024\" src=\"https:\/\/www.quittenbaum.de\/wp-content\/uploads\/2026\/02\/181A-157_1-1024x1024.jpg\" alt=\"\" class=\"wp-image-9116 size-full\" srcset=\"https:\/\/www.quittenbaum.de\/wp-content\/uploads\/2026\/02\/181A-157_1-1024x1024.jpg 1024w, https:\/\/www.quittenbaum.de\/wp-content\/uploads\/2026\/02\/181A-157_1-300x300.jpg 300w, https:\/\/www.quittenbaum.de\/wp-content\/uploads\/2026\/02\/181A-157_1-150x150.jpg 150w, https:\/\/www.quittenbaum.de\/wp-content\/uploads\/2026\/02\/181A-157_1-768x768.jpg 768w, https:\/\/www.quittenbaum.de\/wp-content\/uploads\/2026\/02\/181A-157_1-500x500.jpg 500w, https:\/\/www.quittenbaum.de\/wp-content\/uploads\/2026\/02\/181A-157_1.jpg 1200w\" sizes=\"auto, (max-width: 1024px) 100vw, 1024px\" \/><\/a><\/figure><\/div>\n\n\n\n<div style=\"height:50px\" aria-hidden=\"true\" class=\"wp-block-spacer\"><\/div>\n\n\n\n<div class=\"wp-block-media-text has-media-on-the-right is-stacked-on-mobile\"><div class=\"wp-block-media-text__content\">\n<h1 class=\"wp-block-heading\">MURANO GLAS HIGHLIGHTS AM 25. M\u00c4RZ<\/h1>\n\n\n\n<p>Seltene Entw\u00fcrfe von Ercole Barovier, fr\u00fche Ausf\u00fchrungen von Dino Martens und f\u00fcnf &#8218;Pulcini&#8216; von Alessandro Pianon. Wir freuen uns, Ihnen eine Auswahl von 189 Glasobjekten pr\u00e4sentieren zu d\u00fcrfen, die in den letzten rund 130 Jahre entworfen wruden. Das \u00e4lteste Objekt ist eine schlanke Vase von Salviati aus dem Jahr 1890, die j\u00fcngste Arbeit kommt von Luciano Vistosi, eine gro\u00dfformatige abstrakte Skulptur \u201aManichino aperto\u2018 aus dem Jahr 2001. Freuen Sie sich auf spannende Werke, die schwerpunktm\u00e4\u00dfig aus der Zeit zwischen 1925 und 1965 stammen. Dieses Mal finden sich die Highlights vor allem bei Arbeiten von Ercole Barovier und Dino Martens.<\/p>\n\n\n\n<p>Ercole Baroviers Vasen aus der Primavera-Serie von 1929\/30 sind ganz gro\u00dfe Rarit\u00e4ten. Der Dekor wurde aufgrund der hohen technischen Herausforderung nur sehr kurze Zeit bei der Manufaktur Fratelli Barovier gefertigt. Objekte aus dieser Serie tauchen nur \u00e4u\u00dferst selten auf und haben in den letzten Jahren die mit Abstand h\u00f6chsten Preise auf dem Sektor Murano-Glas erzielt &#8211; sechsstellige Zuschl\u00e4ge waren keine Seltenheit. Die in der Auktion angebotene Vase in Kugelform im typischen craquelierten Milchglas mit schwarzen Applikationen ist in tadellosem Erhaltungszustand und auf \u20ac 60.000 &#8211; 90.000 taxiert.<\/p>\n\n\n\n<div class=\"wp-block-buttons is-layout-flex wp-block-buttons-is-layout-flex\">\n<div class=\"wp-block-button\"><a class=\"wp-block-button__link wp-element-button\" href=\"https:\/\/www.quittenbaum.de\/de\/auktionen\/murano-glas\/181B\/\">Mehr lesen&#8230;<svg xmlns=\"http:\/\/www.w3.org\/2000\/svg\" height=\"903.5155\" width=\"784.68573\" version=\"1.1\" viewBox=\"0 0 784.68573 903.5155\" id=\"svg2\"><g transform=\"rotate(-29.836465,228.90704,841.06274)\" id=\"g827\"><g id=\"g818\"><path class=\"triangle-svg\" d=\"M 2.4743595,780.10472 H 901.47436\" id=\"path2997\" \/><path class=\"triangle-svg\" d=\"m 452.46439,2.0247035 449.5,778.5609765\" id=\"path2997-4\" \/><path class=\"triangle-svg\" d=\"M 451.51435,2.0247035 2.0143504,780.58568\" id=\"path2997-4-5\" \/><\/g><path class=\"triangle-svg\" d=\"m 8.6677225,775.98837 c 0,-2.20985 442.0724275,-766.6153281 443.3504475,-766.6153281 1.26583,0 443.38324,764.4588581 443.38324,766.6475881 0,0.54998 -199.51508,0.99996 -443.36685,0.99996 -243.85176,0 -443.3668375,-0.46449 -443.3668375,-1.03222 z\" id=\"path820\" \/><\/g><\/svg><\/a> <\/div>\n<\/div>\n<\/div><figure class=\"wp-block-media-text__media\"><a href=\"https:\/\/www.quittenbaum.de\/de\/auktionen\/murano-glas\/181B\/\"><img loading=\"lazy\" decoding=\"async\" width=\"1024\" height=\"1024\" src=\"https:\/\/www.quittenbaum.de\/wp-content\/uploads\/2026\/02\/181B-708_1-1024x1024.jpg\" alt=\"\" class=\"wp-image-9114 size-full\" srcset=\"https:\/\/www.quittenbaum.de\/wp-content\/uploads\/2026\/02\/181B-708_1-1024x1024.jpg 1024w, https:\/\/www.quittenbaum.de\/wp-content\/uploads\/2026\/02\/181B-708_1-300x300.jpg 300w, https:\/\/www.quittenbaum.de\/wp-content\/uploads\/2026\/02\/181B-708_1-150x150.jpg 150w, https:\/\/www.quittenbaum.de\/wp-content\/uploads\/2026\/02\/181B-708_1-768x768.jpg 768w, https:\/\/www.quittenbaum.de\/wp-content\/uploads\/2026\/02\/181B-708_1-500x500.jpg 500w, https:\/\/www.quittenbaum.de\/wp-content\/uploads\/2026\/02\/181B-708_1.jpg 1200w\" sizes=\"auto, (max-width: 1024px) 100vw, 1024px\" \/><\/a><\/figure><\/div>\n\n\n\n<div style=\"height:50px\" aria-hidden=\"true\" class=\"wp-block-spacer\"><\/div>\n\n\n\n<div class=\"wp-block-media-text has-media-on-the-right is-stacked-on-mobile\"><div class=\"wp-block-media-text__content\">\n<h1 class=\"wp-block-heading\">FACETTENREICHES ANGEBOT VON KUNST UM 1900 BIS HIN ZU MODERNEN UND ZEITGEN\u00d6SSISCHEN POSITIONEN<\/h1>\n\n\n\n<p>Bronzen, Gem\u00e4lde, Zeichnungen und Graphiken vereinen sich zu einem abwechslungsreichen Spektrum, das sowohl Qualit\u00e4t als auch stilistische Vielfalt bietet. Einen besonderen Akzent setzt dabei ein eindrucksvolles Werk der Jahrhundertwende: Mit dem gro\u00dfformatigen Damenportrait (Sch\u00e4tzpreis EUR 60.000 &#8211; 80.000) ist ein museal wirkendes Gem\u00e4lde von Leo Putz vertreten. Die stehende junge Frau im kn\u00f6chellangen, dunkelgr\u00fcnen Kleid erscheint in ruhiger, gefasster Haltung und bestimmt mit klarer Pr\u00e4senz den Bildraum. Das 1908 entstandene Gem\u00e4lde f\u00e4llt in eine Phase, in der sich Leo Putz vom dekorativen Jugendstil zu einer freieren, malerisch gelockerten Auffassung entwickelte. Als Mitglied der M\u00fcnchner Secession verband er elegante Linienf\u00fchrung mit einer zunehmend fl\u00e4chigen, modernen Bildgestaltung. Das Portr\u00e4t steht exemplarisch f\u00fcr sein wiederkehrendes Interesse an der zeitgen\u00f6ssischen Frau als selbstbewusstem Bildmotiv. Die ausgepr\u00e4gte Vertikalit\u00e4t des Formats und die klar gegen den hellen Hintergrund gesetzte Silhouette verleihen dem Gem\u00e4lde eine besondere Pr\u00e4gnanz, der Verwendung des breiten Pinselstrichs bleibt Putz bis in die 1920er Jahre treu.<br><br>Weitere Werke in unserer Offerte aus verschiedenen Gattungen stammen von Franz von Stuck, Pablo Picasso, Fritz K\u00f6the, Frank Stella, Cy Twombly und vielen mehr.<\/p>\n\n\n\n<div class=\"wp-block-buttons is-layout-flex wp-block-buttons-is-layout-flex\">\n<div class=\"wp-block-button\"><a class=\"wp-block-button__link wp-element-button\" href=\"https:\/\/www.quittenbaum.de\/de\/auktionen\/moderne-kunst\/181C\/\">Mehr lesen&#8230;<svg xmlns=\"http:\/\/www.w3.org\/2000\/svg\" height=\"903.5155\" width=\"784.68573\" version=\"1.1\" viewBox=\"0 0 784.68573 903.5155\" id=\"svg2\"><g transform=\"rotate(-29.836465,228.90704,841.06274)\" id=\"g827\"><g id=\"g818\"><path class=\"triangle-svg\" d=\"M 2.4743595,780.10472 H 901.47436\" id=\"path2997\" \/><path class=\"triangle-svg\" d=\"m 452.46439,2.0247035 449.5,778.5609765\" id=\"path2997-4\" \/><path class=\"triangle-svg\" d=\"M 451.51435,2.0247035 2.0143504,780.58568\" id=\"path2997-4-5\" \/><\/g><path class=\"triangle-svg\" d=\"m 8.6677225,775.98837 c 0,-2.20985 442.0724275,-766.6153281 443.3504475,-766.6153281 1.26583,0 443.38324,764.4588581 443.38324,766.6475881 0,0.54998 -199.51508,0.99996 -443.36685,0.99996 -243.85176,0 -443.3668375,-0.46449 -443.3668375,-1.03222 z\" id=\"path820\" \/><\/g><\/svg><\/a> <\/div>\n<\/div>\n<\/div><figure class=\"wp-block-media-text__media\"><a href=\"https:\/\/www.quittenbaum.de\/de\/auktionen\/moderne-kunst\/181C\/\"><img loading=\"lazy\" decoding=\"async\" width=\"1024\" height=\"1024\" src=\"https:\/\/www.quittenbaum.de\/wp-content\/uploads\/2026\/02\/181C-844_1-1024x1024.jpg\" alt=\"\" class=\"wp-image-9112 size-full\" srcset=\"https:\/\/www.quittenbaum.de\/wp-content\/uploads\/2026\/02\/181C-844_1-1024x1024.jpg 1024w, https:\/\/www.quittenbaum.de\/wp-content\/uploads\/2026\/02\/181C-844_1-300x300.jpg 300w, https:\/\/www.quittenbaum.de\/wp-content\/uploads\/2026\/02\/181C-844_1-150x150.jpg 150w, https:\/\/www.quittenbaum.de\/wp-content\/uploads\/2026\/02\/181C-844_1-768x768.jpg 768w, https:\/\/www.quittenbaum.de\/wp-content\/uploads\/2026\/02\/181C-844_1-500x500.jpg 500w, https:\/\/www.quittenbaum.de\/wp-content\/uploads\/2026\/02\/181C-844_1.jpg 1200w\" sizes=\"auto, (max-width: 1024px) 100vw, 1024px\" \/><\/a><\/figure><\/div>\n\n\n\n<div style=\"height:50px\" aria-hidden=\"true\" class=\"wp-block-spacer\"><\/div>\n\n\n\n<hr class=\"wp-block-separator has-alpha-channel-opacity\"\/>\n\n\n\n<h2 class=\"wp-block-heading has-text-align-center\">Abonnieren Sie jetzt unseren Newsletter<\/h2>\n\n\n<div class=\"wp-bootstrap-blocks-row row\">\n\t\n\n<div class=\"col-12 col-md-6\">\n\t\t\t\n\n<p>Bleiben Sie auf dem Laufenden und melden Sie sich f\u00fcr unseren Newsletter an.<br>Wir informieren Sie kostenfrei und regelm\u00e4\u00dfig \u00fcber<\/p>\n\n\n\n<ul class=\"wp-block-list\">\n<li>Kommende Auktionstermine und Vorbesichtigungen<\/li>\n\n\n\n<li>Einladungen zu Preview Cocktails<\/li>\n\n\n\n<li>Expertenreisen in Deutschland und Europa<\/li>\n\n\n\n<li>Neues zu Sammlerthemen und einzigartigen Objekten der Design- und Kunstgeschichte<\/li>\n<\/ul>\n\n\t<\/div>\n\n\n\n<div class=\"col-12 col-md-6\">\n\t\t\t\n<div class=\"newsletter-subscribe-form-container\">\n\t\t<form class=\"needs-validation newsletter-subscribe\" role=\"form\" action=\"\" method=\"POST\" enctype=\"multipart\/form-data\" novalidate>\n\t\t\t<div class=\"form-group\">\n\t\t\t\t<p class=\"mb-0\">E-Mail: <span>*<\/span><\/p>\n\t\t\t\t<input type=\"email\" name=\"email\" id=\"email-60701\" class=\"form-control\" placeholder=\"E-Mail*\" required>\n\t\t\t<\/div>\n\n\t\t\t<div class=\"form-group\">\n                            <p class=\"mb-0\">Ihre bevorzugte Sprache: <span>*<\/span><\/p><div class=\"custom-control custom-radio\">\n                            <input name=\"language\" value=\"DE\" id=\"language_de-60701\" class=\"custom-control-input\" type=\"radio\" checked required \/>\n                            <label class=\"custom-control-label\" for=\"language_de-60701\">Deutsch<\/label>\n                    <\/div>\n                    <div class=\"custom-control custom-radio\">\n                            <input name=\"language\" value=\"EN\" id=\"language_en-60701\" class=\"custom-control-input\" type=\"radio\" required \/>\n                            <label class=\"custom-control-label\" for=\"language_en-60701\">Englisch<\/label>\n                    <\/div><\/div>\n\t\t\t<div class=\"form-group\">\n\t\t\t\t<div class=\"custom-control custom-checkbox mr-sm-2 mb-3\">\n\t\t\t\t\t<input type=\"checkbox\" class=\"custom-control-input\" id=\"gdpr-60701\" name=\"gdpr\" value=\"1\" required>\n\t\t\t\t\t<label class=\"custom-control-label\" for=\"gdpr-60701\">\n\t\t\t\t\tMit der Verwendung dieses Formulars stimme ich der Speicherung und Verarbeitung meiner Daten durch diese Website zu. Sehe dir unsere <a href=\"https:\/\/www.quittenbaum.de\/de\/datenschutzerklaerung\/\" target=\"_blank\"> DSGVO-Richtlinien <\/a> an.\n\t\t\t\t\t<\/label>\n\t\t\t\t<\/div>\n\t\t\t<\/div>\n\t\t\t<div class=\"form-group text-center\">\n                            <button type=\"submit\" class=\"btn btn-secondary submit\">Anmelden<\/button>\n                            <button style=\"display: none;\" type=\"button\" class=\"close-btn btn btn-primary\" data-dismiss=\"modal\" aria-label=\"Close\">Schliessen<\/button>\n\t\t\t<\/div>\n\t\t<\/form><\/div>\n\n\t<\/div>\n\n<\/div>\n\n\n\n<div style=\"height:49px\" aria-hidden=\"true\" class=\"wp-block-spacer\"><\/div>\n\n\n\n<div class=\"wp-block-cover has-fullwidth\"><img loading=\"lazy\" decoding=\"async\" width=\"2560\" height=\"889\" class=\"wp-block-cover__image-background wp-image-4199\" alt=\"\" src=\"https:\/\/www.quittenbaum.de\/wp-content\/uploads\/2021\/12\/Top-50-scaled.jpg\" style=\"object-position:72% 62%\" data-object-fit=\"cover\" data-object-position=\"72% 62%\" srcset=\"https:\/\/www.quittenbaum.de\/wp-content\/uploads\/2021\/12\/Top-50-scaled.jpg 2560w, https:\/\/www.quittenbaum.de\/wp-content\/uploads\/2021\/12\/Top-50-300x104.jpg 300w, https:\/\/www.quittenbaum.de\/wp-content\/uploads\/2021\/12\/Top-50-1024x356.jpg 1024w, https:\/\/www.quittenbaum.de\/wp-content\/uploads\/2021\/12\/Top-50-768x267.jpg 768w, https:\/\/www.quittenbaum.de\/wp-content\/uploads\/2021\/12\/Top-50-1536x533.jpg 1536w, https:\/\/www.quittenbaum.de\/wp-content\/uploads\/2021\/12\/Top-50-2048x711.jpg 2048w, https:\/\/www.quittenbaum.de\/wp-content\/uploads\/2021\/12\/Top-50-1920x667.jpg 1920w\" sizes=\"auto, (max-width: 2560px) 100vw, 2560px\" \/><span aria-hidden=\"true\" class=\"wp-block-cover__background has-white-background-color has-background-dim-0 has-background-dim\"><\/span><div class=\"wp-block-cover__inner-container is-layout-flow wp-block-cover-is-layout-flow\"><div class=\"wp-bootstrap-blocks-container container mb-2\">\n\t\n<div class=\"wp-bootstrap-blocks-row row\">\n\t\n\n<div class=\"col-12 col-md-6\">\n\t\t\t<div class=\"h-100 d-flex flex-column justify-content-start\">\n\t\t\t\n\n<h2 class=\"wp-block-heading has-white-color has-text-color\">Quittenbaum erzielt Auktionsrekorde<br>in den Sparten <br>Jugendstil, Art D\u00e9co, Design und Murano Glas<\/h2>\n\n\n\n<div class=\"wp-block-buttons is-layout-flex wp-block-buttons-is-layout-flex\">\n<div class=\"wp-block-button\"><a class=\"wp-block-button__link has-white-color has-text-color wp-element-button\" href=\"https:\/\/www.quittenbaum.de\/de\/verkaufen\/rekordzuschlaege\/\">Unsere Top-Zuschl\u00e4ge<svg xmlns=\"http:\/\/www.w3.org\/2000\/svg\" height=\"903.5155\" width=\"784.68573\" version=\"1.1\" viewBox=\"0 0 784.68573 903.5155\" id=\"svg2\"><g transform=\"rotate(-29.836465,228.90704,841.06274)\" id=\"g827\"><g id=\"g818\"><path class=\"triangle-svg\" d=\"M 2.4743595,780.10472 H 901.47436\" id=\"path2997\" \/><path class=\"triangle-svg\" d=\"m 452.46439,2.0247035 449.5,778.5609765\" id=\"path2997-4\" \/><path class=\"triangle-svg\" d=\"M 451.51435,2.0247035 2.0143504,780.58568\" id=\"path2997-4-5\" \/><\/g><path class=\"triangle-svg\" d=\"m 8.6677225,775.98837 c 0,-2.20985 442.0724275,-766.6153281 443.3504475,-766.6153281 1.26583,0 443.38324,764.4588581 443.38324,766.6475881 0,0.54998 -199.51508,0.99996 -443.36685,0.99996 -243.85176,0 -443.3668375,-0.46449 -443.3668375,-1.03222 z\" id=\"path820\" \/><\/g><\/svg><\/a> <\/div>\n<\/div>\n\n\t\t<\/div>\n\t<\/div>\n\n\n\n<div class=\"col-12 col-md-6\">\n\t\t\t\t<\/div>\n\n<\/div>\n\n<\/div>\n<\/div><\/div>\n\n\n\n<div style=\"height:0px\" aria-hidden=\"true\" class=\"wp-block-spacer\"><\/div>\n\n\n\n<div class=\"wp-block-cover is-light\"><span aria-hidden=\"true\" class=\"wp-block-cover__background has-white-background-color has-background-dim-100 has-background-dim\"><\/span><div class=\"wp-block-cover__inner-container is-layout-flow wp-block-cover-is-layout-flow\"><div class=\"wp-bootstrap-blocks-container container mb-2\">\n\t\n<div class=\"wp-bootstrap-blocks-row row\">\n\t\n\n<div class=\"col-12 col-md-4\">\n\t\t\t\n\n<h2 class=\"wp-block-heading\" id=\"beliebte-designer\">Beliebte Designer<\/h2>\n\n\n\n<ul class=\"wp-block-list\">\n<li><a href=\"https:\/\/www.quittenbaum.de\/de\/kuenstler\/campana-humberto-11734\/\">Humberto Campana<\/a><\/li>\n\n\n\n<li><a href=\"https:\/\/www.quittenbaum.de\/de\/kuenstler\/starck-philippe-8941\/\">Philippe Starck<\/a><\/li>\n\n\n\n<li><a href=\"https:\/\/www.quittenbaum.de\/de\/kuenstler\/sottsass-ettore-8849\/\">Ettore Sottsass<\/a><\/li>\n\n\n\n<li><a href=\"https:\/\/www.quittenbaum.de\/de\/kuenstler\/eames-charles-2414\/\">Charles Eames<\/a><\/li>\n\n\n\n<li><a href=\"https:\/\/www.quittenbaum.de\/de\/kuenstler\/breuer-marcel-1208\/\">Marcel Breuer<\/a><\/li>\n\n\n\n<li><a href=\"https:\/\/www.quittenbaum.de\/de\/kuenstler\/velde-henry-van-de-9681\/\">Henry van de Velde<\/a><\/li>\n\n\n\n<li><a href=\"https:\/\/www.quittenbaum.de\/de\/kuenstler\/brandt-marianne-1152\/\">Marianne Brandt<\/a><\/li>\n<\/ul>\n\n\n\n<p><\/p>\n\n\t<\/div>\n\n\n\n<div class=\"col-12 col-md-4\">\n\t\t\t\n\n<h2 class=\"wp-block-heading\" id=\"gesuchte-kunstler\">Gesuchte K\u00fcnstler<\/h2>\n\n\n\n<ul class=\"wp-block-list\">\n<li><a href=\"https:\/\/www.quittenbaum.de\/de\/kuenstler\/miro-joan-6257\/\">Joan Mir\u00f2<\/a><\/li>\n\n\n\n<li><a href=\"https:\/\/www.quittenbaum.de\/de\/kuenstler\/warhol-andy-9968\/\">Andy Warhol<\/a><\/li>\n\n\n\n<li><a href=\"https:\/\/www.quittenbaum.de\/de\/kuenstler\/lichtenstein-roy-5489\/\">Roy Lichtenstein<\/a><\/li>\n\n\n\n<li><a href=\"https:\/\/www.quittenbaum.de\/de\/kuenstler\/koons-jeff-4957\/\">Jeff Koons<\/a><\/li>\n\n\n\n<li><a href=\"https:\/\/www.quittenbaum.de\/de\/kuenstler\/picasso-pablo-7319\/\">Pablo Picasso<\/a><\/li>\n\n\n\n<li><a href=\"https:\/\/www.quittenbaum.de\/de\/kuenstler\/juenger-hermann-4497\/\">Hermann J\u00fcnger<\/a><\/li>\n\n\n\n<li><a href=\"https:\/\/www.quittenbaum.de\/de\/kuenstler\/preiss-ferdinand-7491\/\">Ferdinand Preiss<\/a><\/li>\n<\/ul>\n\n\n\n<p><\/p>\n\n\t<\/div>\n\n\n\n<div class=\"col-12 col-md-4\">\n\t\t\t\n\n<h2 class=\"wp-block-heading\" id=\"sammlerthemen\">Sammlerthemen<\/h2>\n\n\n\n<ul class=\"wp-block-list\">\n<li><a href=\"https:\/\/www.quittenbaum.de\/de\/die-sammlung-jacometti\/\">Die Sammlung Jacometti<\/a><\/li>\n\n\n\n<li><a href=\"https:\/\/www.quittenbaum.de\/de\/50-jahre-olympia-wenn-poster-geschichte-erzaehleneine-muenchner-privatsammlung\/\">50 Jahre Olympia<\/a><\/li>\n\n\n\n<li><a href=\"https:\/\/www.quittenbaum.de\/de\/berbricks-eine-baerige-sammlung\/\">Bearbricks<\/a><\/li>\n\n\n\n<li><a href=\"https:\/\/www.quittenbaum.de\/de\/emile-galle-alchemist-des-art-nouveau\/\">Emile Gall\u00e9 \u2013 Alchemist des Art Nouveau<\/a><\/li>\n\n\n\n<li><a href=\"https:\/\/www.quittenbaum.de\/de\/oiva-toikka-birds\/\">Oiva Toikka \u2013 Birds<\/a><\/li>\n\n\n\n<li><a href=\"https:\/\/www.quittenbaum.de\/de\/tiffany-studios-die-tischleuchte-apple-blossom\/\">Tiffany Studios \u2013 Die Tischleuchte \u201aApple Blossom\u2018<\/a><\/li>\n<\/ul>\n\n\t<\/div>\n\n<\/div>\n\n<\/div>\n<\/div><\/div>\n","protected":false},"excerpt":{"rendered":"<p>Quittenbaum Kunstauktionen M\u00fcnchen ist Ihr internationales Auktionshaus f\u00fcr Jugendstil, Art D\u00e9co, Design, Murano Glas, Alte Kunst, Moderne sowie Kunst des 20.\/21. Jahrhunderts sowie Juwelenschmuck, K\u00fcnstlerschmuck und Autorenschmuck An vier Terminen im Jahr versteigern wir seit 1998 mit gro\u00dfem Erfolg M\u00f6bel, Leuchten und Kunsthandwerk aus den Bereichen Jugendstil und Art D\u00e9co. Au\u00dferdem bieten wir Design vom [&#8230;]<\/p>\n<p><a class=\"btn btn-ppc understrap-read-more-link\" href=\"https:\/\/www.quittenbaum.de\/de\/\">Weiterlesen&#8230;<\/a><\/p>\n","protected":false},"author":1,"featured_media":0,"parent":0,"menu_order":0,"comment_status":"closed","ping_status":"closed","template":"page-templates\/front-page.php","meta":{"footnotes":""},"class_list":["post-5","page","type-page","status-publish","hentry"],"_links":{"self":[{"href":"https:\/\/www.quittenbaum.de\/de\/wp-json\/wp\/v2\/pages\/5","targetHints":{"allow":["GET"]}}],"collection":[{"href":"https:\/\/www.quittenbaum.de\/de\/wp-json\/wp\/v2\/pages"}],"about":[{"href":"https:\/\/www.quittenbaum.de\/de\/wp-json\/wp\/v2\/types\/page"}],"author":[{"embeddable":true,"href":"https:\/\/www.quittenbaum.de\/de\/wp-json\/wp\/v2\/users\/1"}],"replies":[{"embeddable":true,"href":"https:\/\/www.quittenbaum.de\/de\/wp-json\/wp\/v2\/comments?post=5"}],"version-history":[{"count":834,"href":"https:\/\/www.quittenbaum.de\/de\/wp-json\/wp\/v2\/pages\/5\/revisions"}],"predecessor-version":[{"id":9217,"href":"https:\/\/www.quittenbaum.de\/de\/wp-json\/wp\/v2\/pages\/5\/revisions\/9217"}],"wp:attachment":[{"href":"https:\/\/www.quittenbaum.de\/de\/wp-json\/wp\/v2\/media?parent=5"}],"curies":[{"name":"wp","href":"https:\/\/api.w.org\/{rel}","templated":true}]}}